{"id":179,"date":"2025-07-22T11:18:07","date_gmt":"2025-07-22T11:18:07","guid":{"rendered":"https:\/\/www.philippejabre.com\/home\/"},"modified":"2025-08-15T09:53:46","modified_gmt":"2025-08-15T09:53:46","slug":"home","status":"publish","type":"page","link":"https:\/\/www.philippejabre.com\/fr\/","title":{"rendered":"Home"},"content":{"rendered":"\n[et_pb_section fb_built=\u00a0\u00bb1&Prime; module_id=\u00a0\u00bbhome\u00a0\u00bb _builder_version=\u00a0\u00bb4.27.4&Prime; _module_preset=\u00a0\u00bbdefault\u00a0\u00bb background_color=\u00a0\u00bb#e2e2e2&Prime; custom_padding=\u00a0\u00bb150px||200px||false|false\u00a0\u00bb global_colors_info=\u00a0\u00bb{}\u00a0\u00bb][et_pb_row column_structure=\u00a0\u00bb2_3,1_3&Prime; _builder_version=\u00a0\u00bb4.21.0&Prime; _module_preset=\u00a0\u00bbdefault\u00a0\u00bb global_colors_info=\u00a0\u00bb{}\u00a0\u00bb][et_pb_column type=\u00a0\u00bb2_3&Prime; _builder_version=\u00a0\u00bb4.21.0&Prime; _module_preset=\u00a0\u00bbdefault\u00a0\u00bb global_colors_info=\u00a0\u00bb{}\u00a0\u00bb][et_pb_text _builder_version=\u00a0\u00bb4.27.0&Prime; _module_preset=\u00a0\u00bbdefault\u00a0\u00bb global_colors_info=\u00a0\u00bb{}\u00a0\u00bb]<h1>Philippe Jabre | Fondateur, CIO et CEO de Jabre Capital Partners<\/h1>[\/et_pb_text][et_pb_text _builder_version=\u00a0\u00bb4.21.0&Prime; _module_preset=\u00a0\u00bbdefault\u00a0\u00bb global_colors_info=\u00a0\u00bb{}\u00a0\u00bb]<p>Philippe Jabre est le fondateur, CIO et CEO de Jabre Capital Partners, une soci\u00e9t\u00e9 de gestion de fortune ind\u00e9pendante bas\u00e9e \u00e0 Gen\u00e8ve et un bureau multifamilial sp\u00e9cialis\u00e9 dans la fourniture de services de gestion d&rsquo;actifs. Philanthrope engag\u00e9, M. Jabre est \u00e9galement le fondateur de l&rsquo;Association Philippe Jabre, une organisation qui fournit des ressources \u00e9ducatives et un soutien m\u00e9dical aux jeunes d\u00e9favoris\u00e9s du Liban. <\/p>\n<p>Outre la direction de Jabre Capital Partners et de l&rsquo;Association Philippe Jabre, M. Jabre si\u00e8ge au conseil d&rsquo;administration de l&rsquo;Universit\u00e9 am\u00e9ricaine de Beyrouth et au conseil d&rsquo;administration de l&rsquo;Universit\u00e9 de Columbia. Il est \u00e9galement membre de plusieurs fondations culturelles, artistiques et philanthropiques bas\u00e9es en Europe et au Moyen-Orient. <\/p>[\/et_pb_text][et_pb_button button_url=\u00a0\u00bb#education\u00a0\u00bb button_text=\u00a0\u00bb\u00c9ducation\u00a0\u00bb _builder_version=\u00a0\u00bb4.27.4&Prime; _module_preset=\u00a0\u00bbdefault\u00a0\u00bb global_colors_info=\u00a0\u00bb{}\u00a0\u00bb][\/et_pb_button][\/et_pb_column][et_pb_column type=\u00a0\u00bb1_3&Prime; _builder_version=\u00a0\u00bb4.21.0&Prime; _module_preset=\u00a0\u00bbdefault\u00a0\u00bb global_colors_info=\u00a0\u00bb{}\u00a0\u00bb][et_pb_image src=\u00a0\u00bbhttps:\/\/www.philippejabre.com\/wp-content\/uploads\/2025\/07\/Philippe-Jabre.jpg\u00a0\u00bb alt=\u00a0\u00bbPhilippe Jabre\u00a0\u00bb title_text=\u00a0\u00bbPhilippe Jabre\u00a0\u00bb align=\u00a0\u00bbcenter\u00a0\u00bb _builder_version=\u00a0\u00bb4.27.4&Prime; _module_preset=\u00a0\u00bbdefault\u00a0\u00bb hover_enabled=\u00a0\u00bb0&Prime; border_radii=\u00a0\u00bbon|10px|10px|10px|10px\u00a0\u00bb global_colors_info=\u00a0\u00bb{}\u00a0\u00bb sticky_enabled=\u00a0\u00bb0&Prime;][\/et_pb_image][et_pb_social_media_follow _builder_version=\u00a0\u00bb4.27.4&Prime; _module_preset=\u00a0\u00bbdefault\u00a0\u00bb text_orientation=\u00a0\u00bbcenter\u00a0\u00bb global_colors_info=\u00a0\u00bb{}\u00a0\u00bb][et_pb_social_media_follow_network social_network=\u00a0\u00bbtwitter\u00a0\u00bb url=\u00a0\u00bbhttps:\/\/x.com\/Philippe_Jabre\u00a0\u00bb _builder_version=\u00a0\u00bb4.27.4&Prime; _module_preset=\u00a0\u00bbdefault\u00a0\u00bb background_color=\u00a0\u00bb#000000&Prime; custom_button=\u00a0\u00bbon\u00a0\u00bb button_text_color=\u00a0\u00bb#e2e2e2&Prime; global_colors_info=\u00a0\u00bb{}\u00a0\u00bb follow_button=\u00a0\u00bboff\u00a0\u00bb url_new_window=\u00a0\u00bbon\u00a0\u00bb]X[\/et_pb_social_media_follow_network][et_pb_social_media_follow_network social_network=\u00a0\u00bbmedium\u00a0\u00bb url=\u00a0\u00bbhttps:\/\/medium.com\/@PhilippeJabre\u00a0\u00bb _builder_version=\u00a0\u00bb4.27.4&Prime; _module_preset=\u00a0\u00bbdefault\u00a0\u00bb background_color=\u00a0\u00bb#000000&Prime; background_enable_color=\u00a0\u00bbon\u00a0\u00bb custom_button=\u00a0\u00bbon\u00a0\u00bb button_text_color=\u00a0\u00bb#e2e2e2&Prime; global_colors_info=\u00a0\u00bb{}\u00a0\u00bb follow_button=\u00a0\u00bboff\u00a0\u00bb url_new_window=\u00a0\u00bbon\u00a0\u00bb]medium[\/et_pb_social_media_follow_network][et_pb_social_media_follow_network social_network=\u00a0\u00bbyoutube\u00a0\u00bb url=\u00a0\u00bbhttps:\/\/www.youtube.com\/@Philippe-Jabre\u00a0\u00bb _builder_version=\u00a0\u00bb4.27.4&Prime; _module_preset=\u00a0\u00bbdefault\u00a0\u00bb background_color=\u00a0\u00bb#000000&Prime; background_enable_color=\u00a0\u00bbon\u00a0\u00bb custom_button=\u00a0\u00bbon\u00a0\u00bb button_text_color=\u00a0\u00bb#e2e2e2&Prime; global_colors_info=\u00a0\u00bb{}\u00a0\u00bb follow_button=\u00a0\u00bboff\u00a0\u00bb url_new_window=\u00a0\u00bbon\u00a0\u00bb]youtube[\/et_pb_social_media_follow_network][\/et_pb_social_media_follow][\/et_pb_column][\/et_pb_row][\/et_pb_section][et_pb_section fb_built=\u00a0\u00bb1&Prime; _builder_version=\u00a0\u00bb4.27.4&Prime; _module_preset=\u00a0\u00bbdefault\u00a0\u00bb background_color=\u00a0\u00bb#000000&Prime; custom_padding=\u00a0\u00bb100px||100px||true|false\u00a0\u00bb global_colors_info=\u00a0\u00bb{}\u00a0\u00bb][et_pb_row column_structure=\u00a0\u00bb3_5,2_5&Prime; _builder_version=\u00a0\u00bb4.27.0&Prime; _module_preset=\u00a0\u00bbdefault\u00a0\u00bb global_colors_info=\u00a0\u00bb{}\u00a0\u00bb][et_pb_column type=\u00a0\u00bb3_5&Prime; _builder_version=\u00a0\u00bb4.21.0&Prime; _module_preset=\u00a0\u00bbdefault\u00a0\u00bb global_colors_info=\u00a0\u00bb{}\u00a0\u00bb][et_pb_text module_id=\u00a0\u00bbeducation\u00a0\u00bb _builder_version=\u00a0\u00bb4.27.4&Prime; _module_preset=\u00a0\u00bbdefault\u00a0\u00bb header_text_color=\u00a0\u00bb#e2e2e2&Prime; header_2_text_color=\u00a0\u00bb#e2e2e2&Prime; scroll_horizontal_motion=\u00a0\u00bb0|15|15|100|4|0|0&Prime; scroll_fade=\u00a0\u00bb0|30|30|100|0|100|100&Prime; global_colors_info=\u00a0\u00bb{}\u00a0\u00bb]<h2>\u00c9ducation<\/h2>[\/et_pb_text][et_pb_text _builder_version=\u00a0\u00bb4.24.3&Prime; _module_preset=\u00a0\u00bbdefault\u00a0\u00bb text_text_color=\u00a0\u00bb#e2e2e2&Prime; scroll_horizontal_motion=\u00a0\u00bb0|15|15|100|4|0|0&Prime; scroll_fade=\u00a0\u00bb0|30|30|100|0|100|100&Prime; global_colors_info=\u00a0\u00bb{}\u00a0\u00bb]<p>S&rsquo;appuyant sur son expertise en mati\u00e8re d&rsquo;arbitrage de convertibles, d&rsquo;investissements alternatifs et de gestion des risques, Philippe Jabre a men\u00e9 Jabre Capital Partners sur la voie de la r\u00e9ussite. Ancien \u00e9l\u00e8ve de la Columbia Business School, titulaire d&rsquo;un master en business et administration, M. Jabre a obtenu son dipl\u00f4me avec mention et a \u00e9t\u00e9 un membre actif de l&rsquo;Investment Banking Club de l&rsquo;institution universitaire, avant de rejoindre le Board of Overseers de l&rsquo;Universit\u00e9 de Columbia en reconnaissance de ses r\u00e9alisations professionnelles. Philippe Jabre est \u00e9galement titulaire d&rsquo;une licence en administration des affaires obtenue \u00e0 l&rsquo;Universit\u00e9 Concordia de Montr\u00e9al, au Canada, avec mention tr\u00e8s bien. Il y a particip\u00e9 \u00e0 diverses initiatives de leadership \u00e9tudiant et a \u00e9t\u00e9 le fier r\u00e9cipiendaire du Dean&rsquo;s List Award.   <\/p>[\/et_pb_text][et_pb_button button_url=\u00a0\u00bb#early-life\u00a0\u00bb button_text=\u00a0\u00bbJeunesse\u00a0\u00bb _builder_version=\u00a0\u00bb4.27.4&Prime; _module_preset=\u00a0\u00bbdefault\u00a0\u00bb global_colors_info=\u00a0\u00bb{}\u00a0\u00bb][\/et_pb_button][\/et_pb_column][et_pb_column type=\u00a0\u00bb2_5&Prime; _builder_version=\u00a0\u00bb4.21.0&Prime; _module_preset=\u00a0\u00bbdefault\u00a0\u00bb global_colors_info=\u00a0\u00bb{}\u00a0\u00bb][et_pb_image src=\u00a0\u00bbhttps:\/\/www.philippejabre.com\/wp-content\/uploads\/2025\/07\/Philippe-Jabre-Columbia-Business-School.jpg\u00a0\u00bb alt=\u00a0\u00bbPhilippe Jabre\u00a0\u00bb title_text=\u00a0\u00bbPhilippe Jabre Columbia Business School\u00a0\u00bb _builder_version=\u00a0\u00bb4.27.4&Prime; _module_preset=\u00a0\u00bbdefault\u00a0\u00bb width=\u00a0\u00bb80%\u00a0\u00bb module_alignment=\u00a0\u00bbcenter\u00a0\u00bb border_radii=\u00a0\u00bbon|10px|10px|10px|10px\u00a0\u00bb global_colors_info=\u00a0\u00bb{}\u00a0\u00bb][\/et_pb_image][\/et_pb_column][\/et_pb_row][\/et_pb_section][et_pb_section fb_built=\u00a0\u00bb1&Prime; _builder_version=\u00a0\u00bb4.27.4&Prime; _module_preset=\u00a0\u00bbdefault\u00a0\u00bb background_color=\u00a0\u00bb#e2e2e2&Prime; custom_padding=\u00a0\u00bb100px||100px||true|false\u00a0\u00bb global_colors_info=\u00a0\u00bb{}\u00a0\u00bb][et_pb_row _builder_version=\u00a0\u00bb4.21.0&Prime; _module_preset=\u00a0\u00bbdefault\u00a0\u00bb global_colors_info=\u00a0\u00bb{}\u00a0\u00bb][et_pb_column type=\u00a0\u00bb4_4&Prime; _builder_version=\u00a0\u00bb4.21.0&Prime; _module_preset=\u00a0\u00bbdefault\u00a0\u00bb global_colors_info=\u00a0\u00bb{}\u00a0\u00bb][et_pb_text module_id=\u00a0\u00bbearly-life\u00a0\u00bb _builder_version=\u00a0\u00bb4.27.4&Prime; _module_preset=\u00a0\u00bbdefault\u00a0\u00bb global_colors_info=\u00a0\u00bb{}\u00a0\u00bb]<h2>Jeunesse<\/h2>[\/et_pb_text][et_pb_text _builder_version=\u00a0\u00bb4.21.0&Prime; _module_preset=\u00a0\u00bbdefault\u00a0\u00bb global_colors_info=\u00a0\u00bb{}\u00a0\u00bb]<p>N\u00e9 \u00e0 Beyrouth en 1960, M. Jabre est originaire de Beit Chebab. Il a \u00e9tudi\u00e9 \u00e0 Notre Dame de Jamhour puis \u00e0 l&rsquo;Universit\u00e9 am\u00e9ricaine de Beyrouth avant de s&rsquo;installer au Canada en raison du d\u00e9clenchement de la guerre civile libanaise. Il a commenc\u00e9 sa carri\u00e8re en travaillant pour BAII Asset Management, la branche d&rsquo;investissement de BNP, o\u00f9 il a acquis une grande exp\u00e9rience de la gestion d&rsquo;actifs sur un large \u00e9ventail de march\u00e9s.  <\/p>[\/et_pb_text][et_pb_button button_url=\u00a0\u00bb#GLG\u00a0\u00bb button_text=\u00a0\u00bbGLG Partners\u00a0\u00bb _builder_version=\u00a0\u00bb4.27.4&Prime; _module_preset=\u00a0\u00bbdefault\u00a0\u00bb global_colors_info=\u00a0\u00bb{}\u00a0\u00bb][\/et_pb_button][\/et_pb_column][\/et_pb_row][\/et_pb_section][et_pb_section fb_built=\u00a0\u00bb1&Prime; _builder_version=\u00a0\u00bb4.27.4&Prime; _module_preset=\u00a0\u00bbdefault\u00a0\u00bb background_color=\u00a0\u00bb#000000&Prime; custom_padding=\u00a0\u00bb100px||100px||true|false\u00a0\u00bb global_colors_info=\u00a0\u00bb{}\u00a0\u00bb][et_pb_row _builder_version=\u00a0\u00bb4.21.0&Prime; _module_preset=\u00a0\u00bbdefault\u00a0\u00bb global_colors_info=\u00a0\u00bb{}\u00a0\u00bb][et_pb_column type=\u00a0\u00bb4_4&Prime; _builder_version=\u00a0\u00bb4.21.0&Prime; _module_preset=\u00a0\u00bbdefault\u00a0\u00bb global_colors_info=\u00a0\u00bb{}\u00a0\u00bb][et_pb_text module_id=\u00a0\u00bbGLG\u00a0\u00bb _builder_version=\u00a0\u00bb4.27.4&Prime; _module_preset=\u00a0\u00bbdefault\u00a0\u00bb header_text_color=\u00a0\u00bb#e2e2e2&Prime; header_2_text_color=\u00a0\u00bb#e2e2e2&Prime; global_colors_info=\u00a0\u00bb{}\u00a0\u00bb]<h2>GLG Partners<\/h2>[\/et_pb_text][et_pb_text _builder_version=\u00a0\u00bb4.24.3&Prime; _module_preset=\u00a0\u00bbdefault\u00a0\u00bb text_text_color=\u00a0\u00bb#e2e2e2&Prime; global_colors_info=\u00a0\u00bb{}\u00a0\u00bb]<p>\u00c0 Londres, Philippe Jabre a rejoint GLG Partners, une division de Lehman Brothers International (Europe). Il a jou\u00e9 un r\u00f4le central dans la soci\u00e9t\u00e9 de 1996 \u00e0 2006, en tant qu&rsquo;associ\u00e9 et gestionnaire de portefeuille, supervisant le fonds d&rsquo;investissement phare de la soci\u00e9t\u00e9. Au cours de son mandat, M. Jabre a nou\u00e9 de solides relations avec des fonds souverains, ainsi qu&rsquo;avec des partenaires institutionnels en Europe et au Moyen-Orient. Combinant sa capacit\u00e9 \u00e0 anticiper les tendances macro\u00e9conomiques et sa grande expertise des march\u00e9s financiers mondiaux, il a consolid\u00e9 sa r\u00e9putation de gestionnaire d&rsquo;investissement de premier plan.   <\/p>[\/et_pb_text][et_pb_button button_url=\u00a0\u00bb#jabcap\u00a0\u00bb button_text=\u00a0\u00bbJabre Capital Partners\u00a0\u00bb _builder_version=\u00a0\u00bb4.27.4&Prime; _module_preset=\u00a0\u00bbdefault\u00a0\u00bb global_colors_info=\u00a0\u00bb{}\u00a0\u00bb][\/et_pb_button][\/et_pb_column][\/et_pb_row][et_pb_row column_structure=\u00a0\u00bb1_3,1_3,1_3&Prime; _builder_version=\u00a0\u00bb4.24.3&Prime; _module_preset=\u00a0\u00bbdefault\u00a0\u00bb global_colors_info=\u00a0\u00bb{}\u00a0\u00bb][et_pb_column type=\u00a0\u00bb1_3&Prime; _builder_version=\u00a0\u00bb4.24.3&Prime; _module_preset=\u00a0\u00bbdefault\u00a0\u00bb global_colors_info=\u00a0\u00bb{}\u00a0\u00bb][et_pb_image src=\u00a0\u00bbhttps:\/\/www.philippejabre.com\/wp-content\/uploads\/2025\/07\/Philippe-Jabre-Stock-Market.jpg\u00a0\u00bb alt=\u00a0\u00bbPhilippe Jabre\u00a0\u00bb title_text=\u00a0\u00bbPhilippe Jabre Stock Market\u00a0\u00bb _builder_version=\u00a0\u00bb4.27.4&Prime; _module_preset=\u00a0\u00bbdefault\u00a0\u00bb border_radii=\u00a0\u00bbon|10px|10px|10px|10px\u00a0\u00bb global_colors_info=\u00a0\u00bb{}\u00a0\u00bb][\/et_pb_image][\/et_pb_column][et_pb_column type=\u00a0\u00bb1_3&Prime; _builder_version=\u00a0\u00bb4.24.3&Prime; _module_preset=\u00a0\u00bbdefault\u00a0\u00bb global_colors_info=\u00a0\u00bb{}\u00a0\u00bb][et_pb_image src=\u00a0\u00bbhttps:\/\/www.philippejabre.com\/wp-content\/uploads\/2025\/07\/Philippe-Jabre-Highrise.jpg\u00a0\u00bb alt=\u00a0\u00bbPhilippe Jabre\u00a0\u00bb title_text=\u00a0\u00bbPhilippe Jabre\u00a0\u00bb _builder_version=\u00a0\u00bb4.27.4&Prime; _module_preset=\u00a0\u00bbdefault\u00a0\u00bb custom_padding=\u00a0\u00bb||||false|false\u00a0\u00bb hover_enabled=\u00a0\u00bb0&Prime; border_radii=\u00a0\u00bbon|10px|10px|10px|10px\u00a0\u00bb global_colors_info=\u00a0\u00bb{}\u00a0\u00bb sticky_enabled=\u00a0\u00bb0&Prime;][\/et_pb_image][\/et_pb_column][et_pb_column type=\u00a0\u00bb1_3&Prime; _builder_version=\u00a0\u00bb4.24.3&Prime; _module_preset=\u00a0\u00bbdefault\u00a0\u00bb global_colors_info=\u00a0\u00bb{}\u00a0\u00bb][et_pb_image src=\u00a0\u00bbhttps:\/\/www.philippejabre.com\/wp-content\/uploads\/2025\/07\/Philippe-Jabre-Handshake.jpg\u00a0\u00bb alt=\u00a0\u00bbPhilippe Jabre\u00a0\u00bb title_text=\u00a0\u00bbTrust,,Handshake,And,Business,People,In,Office,For,Deal,,Welcome\u00a0\u00bb _builder_version=\u00a0\u00bb4.27.4&Prime; _module_preset=\u00a0\u00bbdefault\u00a0\u00bb border_radii=\u00a0\u00bbon|10px|10px|10px|10px\u00a0\u00bb global_colors_info=\u00a0\u00bb{}\u00a0\u00bb][\/et_pb_image][\/et_pb_column][\/et_pb_row][\/et_pb_section][et_pb_section fb_built=\u00a0\u00bb1&Prime; _builder_version=\u00a0\u00bb4.27.4&Prime; _module_preset=\u00a0\u00bbdefault\u00a0\u00bb background_color=\u00a0\u00bb#e2e2e2&Prime; custom_padding=\u00a0\u00bb100px||100px||true|false\u00a0\u00bb global_colors_info=\u00a0\u00bb{}\u00a0\u00bb][et_pb_row column_structure=\u00a0\u00bb3_5,2_5&Prime; _builder_version=\u00a0\u00bb4.27.4&Prime; _module_preset=\u00a0\u00bbdefault\u00a0\u00bb global_colors_info=\u00a0\u00bb{}\u00a0\u00bb][et_pb_column type=\u00a0\u00bb3_5&Prime; _builder_version=\u00a0\u00bb4.21.0&Prime; _module_preset=\u00a0\u00bbdefault\u00a0\u00bb global_colors_info=\u00a0\u00bb{}\u00a0\u00bb][et_pb_text module_id=\u00a0\u00bbjabcap\u00a0\u00bb _builder_version=\u00a0\u00bb4.27.4&Prime; _module_preset=\u00a0\u00bbdefault\u00a0\u00bb global_colors_info=\u00a0\u00bb{}\u00a0\u00bb]<h2>Jabre Capital Partners<\/h2>[\/et_pb_text][et_pb_text _builder_version=\u00a0\u00bb4.21.0&Prime; _module_preset=\u00a0\u00bbdefault\u00a0\u00bb global_colors_info=\u00a0\u00bb{}\u00a0\u00bb]<p>Philippe Jabre a fond\u00e9 Jabre Capital Partners \u00e0 Gen\u00e8ve en 2006, s&rsquo;appuyant sur une carri\u00e8re extraordinairement r\u00e9ussie dans la finance pour construire une soci\u00e9t\u00e9 qui, \u00e0 un moment donn\u00e9, a g\u00e9r\u00e9 des portefeuilles d&rsquo;investissement de plusieurs milliards de dollars, au service d&rsquo;une client\u00e8le mondiale prestigieuse.<\/p>[\/et_pb_text][et_pb_button button_url=\u00a0\u00bb#almaza-brewery\u00a0\u00bb button_text=\u00a0\u00bbAlmaza\u00a0\u00bb _builder_version=\u00a0\u00bb4.27.4&Prime; _module_preset=\u00a0\u00bbdefault\u00a0\u00bb global_colors_info=\u00a0\u00bb{}\u00a0\u00bb][\/et_pb_button][\/et_pb_column][et_pb_column type=\u00a0\u00bb2_5&Prime; _builder_version=\u00a0\u00bb4.27.4&Prime; _module_preset=\u00a0\u00bbdefault\u00a0\u00bb global_colors_info=\u00a0\u00bb{}\u00a0\u00bb][et_pb_image src=\u00a0\u00bbhttps:\/\/www.philippejabre.com\/wp-content\/uploads\/2025\/07\/Philippe-Jabre-Geneva.jpg\u00a0\u00bb alt=\u00a0\u00bbPhilippe Jabre\u00a0\u00bb title_text=\u00a0\u00bbPhilippe Jabre Geneva\u00a0\u00bb align=\u00a0\u00bbcenter\u00a0\u00bb _builder_version=\u00a0\u00bb4.27.4&Prime; _module_preset=\u00a0\u00bbdefault\u00a0\u00bb width=\u00a0\u00bb70%\u00a0\u00bb hover_enabled=\u00a0\u00bb0&Prime; border_radii=\u00a0\u00bbon|10px|10px|10px|10px\u00a0\u00bb global_colors_info=\u00a0\u00bb{}\u00a0\u00bb sticky_enabled=\u00a0\u00bb0&Prime;][\/et_pb_image][\/et_pb_column][\/et_pb_row][\/et_pb_section][et_pb_section fb_built=\u00a0\u00bb1&Prime; _builder_version=\u00a0\u00bb4.27.4&Prime; _module_preset=\u00a0\u00bbdefault\u00a0\u00bb background_color=\u00a0\u00bb#000000&Prime; custom_padding=\u00a0\u00bb100px||100px||true|false\u00a0\u00bb global_colors_info=\u00a0\u00bb{}\u00a0\u00bb][et_pb_row column_structure=\u00a0\u00bb3_5,2_5&Prime; _builder_version=\u00a0\u00bb4.27.0&Prime; _module_preset=\u00a0\u00bbdefault\u00a0\u00bb global_colors_info=\u00a0\u00bb{}\u00a0\u00bb][et_pb_column type=\u00a0\u00bb3_5&Prime; _builder_version=\u00a0\u00bb4.21.0&Prime; _module_preset=\u00a0\u00bbdefault\u00a0\u00bb global_colors_info=\u00a0\u00bb{}\u00a0\u00bb][et_pb_text module_id=\u00a0\u00bbalmaza-brewery\u00a0\u00bb _builder_version=\u00a0\u00bb4.27.4&Prime; _module_preset=\u00a0\u00bbdefault\u00a0\u00bb header_text_color=\u00a0\u00bb#e2e2e2&Prime; header_2_text_color=\u00a0\u00bb#e2e2e2&Prime; scroll_horizontal_motion=\u00a0\u00bb0|15|15|100|4|0|0&Prime; scroll_fade=\u00a0\u00bb0|30|30|100|0|100|100&Prime; global_colors_info=\u00a0\u00bb{}\u00a0\u00bb]<h2>Almaza<\/h2>[\/et_pb_text][et_pb_text _builder_version=\u00a0\u00bb4.24.3&Prime; _module_preset=\u00a0\u00bbdefault\u00a0\u00bb text_text_color=\u00a0\u00bb#e2e2e2&Prime; scroll_horizontal_motion=\u00a0\u00bb0|15|15|100|4|0|0&Prime; scroll_fade=\u00a0\u00bb0|30|30|100|0|100|100&Prime; global_colors_info=\u00a0\u00bb{}\u00a0\u00bb]<p>M. Jabre a acquis une participation majoritaire dans Almaza en 2021 aupr\u00e8s du groupe Heineken, avant de retourner dans son pays d&rsquo;origine. Son implication dans la revitalisation d&rsquo;Almaza &#8211; l&#8217;embl\u00e9matique brasserie familiale libanaise &#8211; souligne son engagement en faveur du patrimoine et du d\u00e9veloppement \u00e9conomique local. <\/p>[\/et_pb_text][et_pb_button button_url=\u00a0\u00bb#home\u00a0\u00bb button_text=\u00a0\u00bbRetour en haut de la page\u00a0\u00bb _builder_version=\u00a0\u00bb4.27.4&Prime; _module_preset=\u00a0\u00bbdefault\u00a0\u00bb global_colors_info=\u00a0\u00bb{}\u00a0\u00bb][\/et_pb_button][\/et_pb_column][et_pb_column type=\u00a0\u00bb2_5&Prime; _builder_version=\u00a0\u00bb4.21.0&Prime; _module_preset=\u00a0\u00bbdefault\u00a0\u00bb global_colors_info=\u00a0\u00bb{}\u00a0\u00bb][et_pb_image src=\u00a0\u00bbhttps:\/\/www.philippejabre.com\/wp-content\/uploads\/2025\/07\/Philippe-Jabre-Almaza-Brewery.jpg\u00a0\u00bb alt=\u00a0\u00bbPhilippe Jabre\u00a0\u00bb title_text=\u00a0\u00bbPhilippe Jabre\u00a0\u00bb _builder_version=\u00a0\u00bb4.27.4&Prime; _module_preset=\u00a0\u00bbdefault\u00a0\u00bb width=\u00a0\u00bb57%\u00a0\u00bb module_alignment=\u00a0\u00bbcenter\u00a0\u00bb hover_enabled=\u00a0\u00bb0&Prime; border_radii=\u00a0\u00bbon|10px|10px|10px|10px\u00a0\u00bb global_colors_info=\u00a0\u00bb{}\u00a0\u00bb sticky_enabled=\u00a0\u00bb0&Prime;][\/et_pb_image][\/et_pb_column][\/et_pb_row][\/et_pb_section]\n","protected":false},"excerpt":{"rendered":"<p>Philippe Jabre | Fondateur, CIO et CEO de Jabre Capital PartnersPhilippe Jabre est le fondateur, CIO et CEO de Jabre Capital Partners, une soci\u00e9t\u00e9 de gestion de fortune ind\u00e9pendante bas\u00e9e \u00e0 Gen\u00e8ve et un bureau multifamilial sp\u00e9cialis\u00e9 dans la fourniture de services de gestion d&rsquo;actifs. Philanthrope engag\u00e9, M. Jabre est \u00e9galement le fondateur de l&rsquo;Association [&hellip;]<\/p>\n","protected":false},"author":1,"featured_media":0,"parent":0,"menu_order":0,"comment_status":"closed","ping_status":"closed","template":"","meta":{"_et_pb_use_builder":"on","_et_pb_old_content":"","_et_gb_content_width":"","footnotes":""},"class_list":["post-179","page","type-page","status-publish","hentry"],"yoast_head":"<!-- This site is optimized with the Yoast SEO plugin v27.5 - https:\/\/yoast.com\/product\/yoast-seo-wordpress\/ -->\n<title>Philippe Jabre | Fondateur, CIO et CEO de Jabre Capital Partners<\/title>\n<meta name=\"description\" content=\"Philippe Jabre est le fondateur, CIO et CEO de Jabre Capital Partners, une soci\u00e9t\u00e9 de gestion de fortune ind\u00e9pendante bas\u00e9e \u00e0 Gen\u00e8ve et un bureau multifamilial sp\u00e9cialis\u00e9 dans la fourniture de services de gestion d&#039;actifs.\" \/>\n<meta name=\"robots\" content=\"index, follow, max-snippet:-1, max-image-preview:large, max-video-preview:-1\" \/>\n<link rel=\"canonical\" href=\"https:\/\/www.philippejabre.com\/fr\/\" \/>\n<meta property=\"og:locale\" content=\"fr_FR\" \/>\n<meta property=\"og:type\" content=\"article\" \/>\n<meta property=\"og:title\" content=\"Philippe Jabre | Fondateur, CIO et CEO de Jabre Capital Partners\" \/>\n<meta property=\"og:description\" content=\"Philippe Jabre est le fondateur, CIO et CEO de Jabre Capital Partners, une soci\u00e9t\u00e9 de gestion de fortune ind\u00e9pendante bas\u00e9e \u00e0 Gen\u00e8ve et un bureau multifamilial sp\u00e9cialis\u00e9 dans la fourniture de services de gestion d&#039;actifs.\" \/>\n<meta property=\"og:url\" content=\"https:\/\/www.philippejabre.com\/fr\/\" \/>\n<meta property=\"og:site_name\" content=\"Philippe Jabre\" \/>\n<meta property=\"article:modified_time\" content=\"2025-08-15T09:53:46+00:00\" \/>\n<meta name=\"twitter:card\" content=\"summary_large_image\" \/>\n<meta name=\"twitter:label1\" content=\"Dur\u00e9e de lecture estim\u00e9e\" \/>\n\t<meta name=\"twitter:data1\" content=\"9 minutes\" \/>\n<script type=\"application\/ld+json\" class=\"yoast-schema-graph\">{\"@context\":\"https:\\\/\\\/schema.org\",\"@graph\":[{\"@type\":\"WebPage\",\"@id\":\"https:\\\/\\\/www.philippejabre.com\\\/fr\\\/\",\"url\":\"https:\\\/\\\/www.philippejabre.com\\\/fr\\\/\",\"name\":\"Philippe Jabre | Fondateur, CIO et CEO de Jabre Capital Partners\",\"isPartOf\":{\"@id\":\"https:\\\/\\\/www.philippejabre.com\\\/fr\\\/#website\"},\"datePublished\":\"2025-07-22T11:18:07+00:00\",\"dateModified\":\"2025-08-15T09:53:46+00:00\",\"description\":\"Philippe Jabre est le fondateur, CIO et CEO de Jabre Capital Partners, une soci\u00e9t\u00e9 de gestion de fortune ind\u00e9pendante bas\u00e9e \u00e0 Gen\u00e8ve et un bureau multifamilial sp\u00e9cialis\u00e9 dans la fourniture de services de gestion d'actifs.\",\"breadcrumb\":{\"@id\":\"https:\\\/\\\/www.philippejabre.com\\\/fr\\\/#breadcrumb\"},\"inLanguage\":\"fr-FR\",\"potentialAction\":[{\"@type\":\"ReadAction\",\"target\":[\"https:\\\/\\\/www.philippejabre.com\\\/fr\\\/\"]}]},{\"@type\":\"BreadcrumbList\",\"@id\":\"https:\\\/\\\/www.philippejabre.com\\\/fr\\\/#breadcrumb\",\"itemListElement\":[{\"@type\":\"ListItem\",\"position\":1,\"name\":\"Home\",\"item\":\"https:\\\/\\\/www.philippejabre.com\\\/fr\\\/home\\\/\"},{\"@type\":\"ListItem\",\"position\":2,\"name\":\"Home\"}]},{\"@type\":\"WebSite\",\"@id\":\"https:\\\/\\\/www.philippejabre.com\\\/fr\\\/#website\",\"url\":\"https:\\\/\\\/www.philippejabre.com\\\/fr\\\/\",\"name\":\"Philippe Jabre\",\"description\":\"This is the blog of Philippe Jabre\",\"potentialAction\":[{\"@type\":\"SearchAction\",\"target\":{\"@type\":\"EntryPoint\",\"urlTemplate\":\"https:\\\/\\\/www.philippejabre.com\\\/fr\\\/?s={search_term_string}\"},\"query-input\":{\"@type\":\"PropertyValueSpecification\",\"valueRequired\":true,\"valueName\":\"search_term_string\"}}],\"inLanguage\":\"fr-FR\"}]}<\/script>\n<!-- \/ Yoast SEO plugin. -->","yoast_head_json":{"title":"Philippe Jabre | Fondateur, CIO et CEO de Jabre Capital Partners","description":"Philippe Jabre est le fondateur, CIO et CEO de Jabre Capital Partners, une soci\u00e9t\u00e9 de gestion de fortune ind\u00e9pendante bas\u00e9e \u00e0 Gen\u00e8ve et un bureau multifamilial sp\u00e9cialis\u00e9 dans la fourniture de services de gestion d'actifs.","robots":{"index":"index","follow":"follow","max-snippet":"max-snippet:-1","max-image-preview":"max-image-preview:large","max-video-preview":"max-video-preview:-1"},"canonical":"https:\/\/www.philippejabre.com\/fr\/","og_locale":"fr_FR","og_type":"article","og_title":"Philippe Jabre | Fondateur, CIO et CEO de Jabre Capital Partners","og_description":"Philippe Jabre est le fondateur, CIO et CEO de Jabre Capital Partners, une soci\u00e9t\u00e9 de gestion de fortune ind\u00e9pendante bas\u00e9e \u00e0 Gen\u00e8ve et un bureau multifamilial sp\u00e9cialis\u00e9 dans la fourniture de services de gestion d'actifs.","og_url":"https:\/\/www.philippejabre.com\/fr\/","og_site_name":"Philippe Jabre","article_modified_time":"2025-08-15T09:53:46+00:00","twitter_card":"summary_large_image","twitter_misc":{"Dur\u00e9e de lecture estim\u00e9e":"9 minutes"},"schema":{"@context":"https:\/\/schema.org","@graph":[{"@type":"WebPage","@id":"https:\/\/www.philippejabre.com\/fr\/","url":"https:\/\/www.philippejabre.com\/fr\/","name":"Philippe Jabre | Fondateur, CIO et CEO de Jabre Capital Partners","isPartOf":{"@id":"https:\/\/www.philippejabre.com\/fr\/#website"},"datePublished":"2025-07-22T11:18:07+00:00","dateModified":"2025-08-15T09:53:46+00:00","description":"Philippe Jabre est le fondateur, CIO et CEO de Jabre Capital Partners, une soci\u00e9t\u00e9 de gestion de fortune ind\u00e9pendante bas\u00e9e \u00e0 Gen\u00e8ve et un bureau multifamilial sp\u00e9cialis\u00e9 dans la fourniture de services de gestion d'actifs.","breadcrumb":{"@id":"https:\/\/www.philippejabre.com\/fr\/#breadcrumb"},"inLanguage":"fr-FR","potentialAction":[{"@type":"ReadAction","target":["https:\/\/www.philippejabre.com\/fr\/"]}]},{"@type":"BreadcrumbList","@id":"https:\/\/www.philippejabre.com\/fr\/#breadcrumb","itemListElement":[{"@type":"ListItem","position":1,"name":"Home","item":"https:\/\/www.philippejabre.com\/fr\/home\/"},{"@type":"ListItem","position":2,"name":"Home"}]},{"@type":"WebSite","@id":"https:\/\/www.philippejabre.com\/fr\/#website","url":"https:\/\/www.philippejabre.com\/fr\/","name":"Philippe Jabre","description":"This is the blog of Philippe Jabre","potentialAction":[{"@type":"SearchAction","target":{"@type":"EntryPoint","urlTemplate":"https:\/\/www.philippejabre.com\/fr\/?s={search_term_string}"},"query-input":{"@type":"PropertyValueSpecification","valueRequired":true,"valueName":"search_term_string"}}],"inLanguage":"fr-FR"}]}},"_links":{"self":[{"href":"https:\/\/www.philippejabre.com\/fr\/wp-json\/wp\/v2\/pages\/179","targetHints":{"allow":["GET"]}}],"collection":[{"href":"https:\/\/www.philippejabre.com\/fr\/wp-json\/wp\/v2\/pages"}],"about":[{"href":"https:\/\/www.philippejabre.com\/fr\/wp-json\/wp\/v2\/types\/page"}],"author":[{"embeddable":true,"href":"https:\/\/www.philippejabre.com\/fr\/wp-json\/wp\/v2\/users\/1"}],"replies":[{"embeddable":true,"href":"https:\/\/www.philippejabre.com\/fr\/wp-json\/wp\/v2\/comments?post=179"}],"version-history":[{"count":1,"href":"https:\/\/www.philippejabre.com\/fr\/wp-json\/wp\/v2\/pages\/179\/revisions"}],"predecessor-version":[{"id":180,"href":"https:\/\/www.philippejabre.com\/fr\/wp-json\/wp\/v2\/pages\/179\/revisions\/180"}],"wp:attachment":[{"href":"https:\/\/www.philippejabre.com\/fr\/wp-json\/wp\/v2\/media?parent=179"}],"curies":[{"name":"wp","href":"https:\/\/api.w.org\/{rel}","templated":true}]}}